{"id":13528,"date":"2022-04-06T07:30:17","date_gmt":"2022-04-06T05:30:17","guid":{"rendered":"http:\/\/www.maddalena.it\/politica-de-privacidad\/"},"modified":"2022-09-30T16:42:51","modified_gmt":"2022-09-30T14:42:51","slug":"politica-de-privacidad","status":"publish","type":"page","link":"https:\/\/www.maddalena.it\/es\/politica-de-privacidad\/","title":{"rendered":"Pol\u00edtica de privacidad"},"content":{"rendered":"\n<p>De conformidad con los art\u00edculos 12 y siguientes del Reglamento (UE) 2016\/679 del Parlamento Europeo y del Consejo, de 27 de abril de 2016 (Reglamento General de Protecci\u00f3n de Datos \/ General Data Protection Regulation, \u00abReglamento\u00bb o \u00abRGPD\u00bb) y, en general, en cumplimiento del principio de transparencia establecido en el propio Reglamento, se proporciona la siguiente informaci\u00f3n sobre el tratamiento de datos personales (es decir, cualquier informaci\u00f3n relativa a una persona f\u00edsica identificada o identificable: \u00abInteresado\u00bb) realizado en relaci\u00f3n con el uso del sitio <a href=\"http:\/\/www.maddalena.it\">www.maddalena.it<\/a> (\u00abSitio\u00bb).<\/p>\n\n<p>Esta informaci\u00f3n se refiere, por tanto, al tratamiento de los datos personales realizado tanto durante la navegaci\u00f3n como durante cualquier interacci\u00f3n del usuario con Maddalena S.p.A., con las comunicaciones o con el uso de los servicios, incluso a trav\u00e9s del \u00e1rea reservada.<\/p>\n\n<p>En el caso de que el Usuario utilice enlaces en el Sitio para interactuar con terceros (por ejemplo, medios sociales), estos \u00faltimos actuar\u00e1n como Responsables del tratamiento de los datos del Usuario tratados por ellos, por lo que se invita al Usuario a leer las respectivas pol\u00edticas de privacidad sobre el tratamiento de datos personales que ellos mismos est\u00e1n obligados a proporcionar.<\/p>\n\n<h4 class=\"has-text-align-center wp-block-heading\"><strong>TABLA QUE RESUME LA INFORMACI\u00d3N PRINCIPAL<\/strong><\/h4>\n\n<figure class=\"wp-block-table is-style-stripes\"><table class=\"has-fixed-layout\"><thead><tr><th><strong>Finalidad del tratamiento&#13;\n<\/strong><strong>(punto 2)<\/strong><\/th><th><strong>Categor\u00edas de datos (punto 3)<\/strong><\/th><th><strong>Base jur\u00eddica (punto 4)<\/strong><\/th><th><strong>Duraci\u00f3n<\/strong>&#13;\n<strong>(punto 5)<\/strong><\/th><th class=\"has-text-align-center\" data-align=\"center\"><strong>Comunicaciones a entidades diferentes de empleados o Encargados del tratamiento (punto 6)<\/strong><\/th><\/tr><\/thead><tbody><tr><td>Funcionamiento y seguridad del sitio \u00a0(<a href=\"https:\/\/www.maddalena.it\/es\/politica-de-cookies\/\">Pol\u00edtica de cookies<\/a>)<\/td><td>Datos de navegaci\u00f3n<\/td><td>Inter\u00e9s leg\u00edtimo del Responsable de la actividad de empresa y de la seguridad<\/td><td>No m\u00e1s de 24 horas<\/td><td class=\"has-text-align-center\" data-align=\"center\">No<\/td><\/tr><tr><td>Contractual (contacto y uso de servicios en el Sitio)<\/td><td>Datos comunes como datos personales, datos de contacto, empresa de referencia, credenciales de acceso, etc.<\/td><td>Necesidad de llevar a cabo medidas precontractuales a petici\u00f3n del interesado o ejecuci\u00f3n de contratos en los que el Interesado es parte. Inter\u00e9s leg\u00edtimo en la protecci\u00f3n jur\u00eddica.<\/td><td>Prescripci\u00f3n de derechos; \u00a0 Si la solicitud no va seguida de la celebraci\u00f3n de un contrato, los datos personales se eliminar\u00e1n dentro de 24 meses<\/td><td class=\"has-text-align-center\" data-align=\"center\">No<\/td><\/tr><tr><td>Marketing directo<\/td><td>Datos comunes como nombre, n\u00famero de tel\u00e9fono, direcci\u00f3n de correo electr\u00f3nico<\/td><td>Consentimiento \u00a0 \u00a0<\/td><td>A m\u00e1s tardar 48 meses despu\u00e9s del consentimiento o de su renovaci\u00f3n \u00a0<\/td><td class=\"has-text-align-center\" data-align=\"center\">No<\/td><\/tr><\/tbody><\/table><\/figure>\n\n<p> <\/p>\n\n<p>Para el tratamiento de datos personales mediante <strong>cookies<\/strong>, se remite a la informaci\u00f3n espec\u00edfica. [link]<\/p>\n\n<ol class=\"wp-block-list\" type=\"1\"><li><strong><mark class=\"has-inline-color has-vivid-red-color\" style=\"background-color: rgba(0, 0, 0, 0);\">RESPONSABLE DEL TRATAMIENTO <\/mark><\/strong>El responsable del tratamiento (es decir, la entidad que determina la finalidad y los medios del tratamiento de los datos personales) es <strong>Maddalena S.p.A.<\/strong> (en adelante tambi\u00e9n Responsable del tratamiento) con domicilio social en via G.B. Maddalena, 2\/4 &#8211; 33040 Povoletto (Udine), n\u00famero de identificaci\u00f3n fiscal 80008170302 y n\u00famero de IVA IT00617140306<strong>.<\/strong> Para los contactos relacionados espec\u00edficamente con la protecci\u00f3n de los datos personales, incluido el ejercicio de los derechos mencionados en el punto 8 siguiente, indicamos en especial la direcci\u00f3n de correo electr\u00f3nico: <a href=\"mailto:privacy@maddalena.it\">privacy@maddalena.it<\/a> a la que se ruega dirigir cualquier solicitud.<\/li><\/ol>\n\n<ol class=\"wp-block-list\" start=\"2\"><li><strong><mark class=\"has-inline-color has-vivid-red-color\" style=\"background-color: rgba(0, 0, 0, 0);\">FINALIDAD DEL TRATAMIENTO <\/mark><\/strong>Los datos personales podr\u00e1n tratarse para las finalidades siguientes:<ul><li>el correcto funcionamiento y la seguridad del Sitio (<strong>finalidad de funcionamiento del Sitio<\/strong>);<\/li><\/ul><\/li><\/ol>\n\n<ol class=\"wp-block-list\" start=\"3\"><li><strong><mark class=\"has-inline-color has-vivid-red-color\" style=\"background-color: rgba(0, 0, 0, 0);\">TIPO DE DATOS TRATADOS Y M\u00c9TODO DE RECOGIDA<\/mark><\/strong> Los datos objeto de tratamiento pertenecen a la categor\u00eda de datos comunes, como los que se indican a continuaci\u00f3n. Los sistemas y programas utilizados para el funcionamiento del Sitio recogen algunos datos personales cuya transmisi\u00f3n est\u00e1 impl\u00edcita en el uso de los protocolos de comunicaci\u00f3n de Internet (\u00ab<strong>Datos de navegaci\u00f3n<\/strong>\u00bb, por ejemplo, direcciones IP o nombres de dominio de los ordenadores utilizados por los usuarios que se conectan al Sitio, direcciones URI (Uniform Resource Identifier) de los recursos solicitados, hora de la solicitud, m\u00e9todo utilizado para enviar la solicitud al servidor, tama\u00f1o del archivo obtenido como respuesta, c\u00f3digo num\u00e9rico relativo al estado de la respuesta dada por el servidor \u2013buen resultado, error, etc.\u2013 y otros par\u00e1metros relativos al sistema operativo y al entorno inform\u00e1tico del usuario). Aunque esta informaci\u00f3n no se recoge para ser asociada a interesados identificados, por su naturaleza podr\u00eda, a trav\u00e9s de elaboraciones y asociaciones con datos en poder de terceros, permitir la identificaci\u00f3n de los usuarios y, por lo tanto, se consideran Datos personales. En relaci\u00f3n con la informaci\u00f3n de navegaci\u00f3n recopilada, tambi\u00e9n recordamos tomar visi\u00f3n de nuestra <a href=\"https:\/\/www.maddalena.it\/es\/politica-de-cookies\/\">informaci\u00f3n sobre el uso de cookies<\/a>. A continuaci\u00f3n, trataremos los datos facilitados por el Usuario o que resulten de su interacci\u00f3n con el Sitio, incluso a trav\u00e9s del chat, la secci\u00f3n contactos o el env\u00edo de mensajes por parte del Usuario, como ser:<ul><li>nombre, apellidos, datos de contacto, datos de la empresa de referencia; productos comprados\/utilizados o de inter\u00e9s; adem\u00e1s, por supuesto, de los datos relativos a las credenciales del \u00e1rea reservada, el acceso a la misma y los servicios utilizados correspondientes.<\/li><\/ul><\/li><\/ol>\n\n<ol class=\"wp-block-list\" start=\"4\"><li><strong><mark class=\"has-inline-color has-vivid-red-color\" style=\"background-color: rgba(0, 0, 0, 0);\">CAR\u00c1CTER OBLIGATORIO O FACULTATIVO DE LA TRANSMISI\u00d3N Y BASE JUR\u00cdDICA DEL TRATAMIENTO<\/mark><\/strong>Como se ha mencionado anteriormente, la transmisi\u00f3n de los Datos de navegaci\u00f3n es impl\u00edcita al uso del Sitio y la base jur\u00eddica para el tratamiento de los Datos personales para la <strong>finalidad de funcionamiento del Sitio<\/strong> es la relativa al inter\u00e9s leg\u00edtimo del Responsable del tratamiento en el desempe\u00f1o de su actividad empresarial, tambi\u00e9n en lo que se refiere a la seguridad y la protecci\u00f3n frente a abusos. El suministro de los datos solicitados en relaci\u00f3n con los <strong>servicios del Sitio<\/strong> y la <strong>informaci\u00f3n proporcionada en las comunicaciones de contacto<\/strong> por parte del Usuario es opcional y la falta de suministro de dichos datos s\u00f3lo dar\u00e1 lugar a la imposibilidad de que el Usuario se beneficie de los servicios o de que el Responsable proporcione las respuestas solicitadas. La base jur\u00eddica para el tratamiento de dichos datos es, de conformidad con la letra b) del art\u00edculo 6 del RGPD, la necesidad de dar seguimiento a las solicitudes del Usuario de car\u00e1cter precontractual o contractual (por ejemplo, solicitudes de informaci\u00f3n sobre productos o presupuestos; configuraci\u00f3n de los productos adquiridos). En lo que respecta a la <strong>finalidad de marketing directo<\/strong>, el suministro de datos personales es opcional y el hecho de no suministrarlos no tendr\u00e1 consecuencia alguna por lo que concierne a la relaci\u00f3n contractual o a la posibilidad de utilizar los servicios del Sitio. Este tratamiento s\u00f3lo se lleva a cabo con el consentimiento del destinatario (el consentimiento tambi\u00e9n es necesario para las personas jur\u00eddicas), que siempre es revocable (v\u00e9ase el punto 8 \u00abDerechos del Interesado\u00bb m\u00e1s adelante) que constituye la base jur\u00eddica. Se especifica que la revocaci\u00f3n del consentimiento o la oposici\u00f3n al tratamiento realizado mediante m\u00e9todos de contacto automatizados (sistemas de llamada automatizados o comunicaci\u00f3n de llamada y con comunicaciones electr\u00f3nicas mediante correo electr\u00f3nico, telefax, mensajes de tipo Mms o Sms o de otro tipo) se extiende a los m\u00e9todos tradicionales (correo en papel, llamada de operador), pero se entiende sin perjuicio de la\u00a0 posibilidad de ejercer este derecho s\u00f3lo en parte, oponi\u00e9ndose, por ejemplo, \u00fanicamente al env\u00edo de comunicaciones promocionales mediante sistemas automatizados.<\/li><\/ol>\n\n<ol class=\"wp-block-list\" start=\"5\"><li><strong><mark class=\"has-inline-color has-vivid-red-color\" style=\"background-color: rgba(0, 0, 0, 0);\">M\u00c9TODOS DE TRATAMIENTO Y CONDICIONES DE CONSERVACI\u00d3N DE LOS DATOS<\/mark><\/strong> El tratamiento se llevar\u00e1 a cabo:<ul><li>mediante el uso de sistemas manuales y automatizados;<\/li><li>mediante personal espec\u00edficamente autorizado y formado para realizar las tareas correspondientes;<\/li><li>con el uso de medidas adecuadas para garantizar la confidencialidad de los datos e impedir el acceso a los mismos por parte de terceros no autorizados.<\/li><\/ul><\/li><\/ol>\n\n<p>Con especial referencia a la finalidad de marketing, cabe se\u00f1alar que los Datos personales tambi\u00e9n se tratar\u00e1n mediante:<\/p>\n\n<ul class=\"wp-block-list\"><li>el uso de sistemas de llamadas automatizados o de comunicaciones de llamada;<\/li><li>comunicaciones electr\u00f3nicas realizadas por medio de correo electr\u00f3nico, mensajes sms (Servicio de Mensajes Cortos), Whatsapp y mensajer\u00eda instant\u00e1nea en general, push u otros tipos de mensajes;<\/li><li>uso del tel\u00e9fono con operador y correo en papel.<\/li><\/ul>\n\n<p>Los datos de navegaci\u00f3n se eliminar\u00e1n \u2013salvo en el caso de que se detecte una actividad il\u00edcita\u2013 a m\u00e1s tardar 24 horas despu\u00e9s de su recogida. Para la finalidad de marketing, los datos se tratar\u00e1n durante un per\u00edodo no superior a 48 meses despu\u00e9s de que se haya dado o renovado el consentimiento. Los datos relativos a los servicios del Sitio se conservar\u00e1n durante el tiempo necesario para la prestaci\u00f3n del servicio y la verificaci\u00f3n de su funcionamiento; por lo tanto, normalmente, los datos no se conservar\u00e1n m\u00e1s all\u00e1 de 6 meses despu\u00e9s de la utilizaci\u00f3n del servicio.<\/p>\n\n<p>Los datos vinculados a una relaci\u00f3n contractual se conservar\u00e1n durante toda la duraci\u00f3n de la misma y al final \u2013 limitados a los datos necesarios en ese momento \u2013 para el cumplimiento de todas las posibles obligaciones legales y las exigencias de protecci\u00f3n, incluidas las contractuales, vinculadas o derivadas de la misma. Por tanto, normalmente, los datos no se conservar\u00e1n m\u00e1s all\u00e1 de 10 a\u00f1os desde la finalizaci\u00f3n de la relaci\u00f3n contractual.<\/p>\n\n<ol class=\"wp-block-list\" start=\"6\"><li><strong><mark class=\"has-inline-color has-vivid-red-color\" style=\"background-color: rgba(0, 0, 0, 0);\">COMUNICACI\u00d3N DE LOS DATOS<\/mark><\/strong> Los datos recogidos y tratados podr\u00e1n ser comunicados, \u00fanicamente para los fines arriba indicados, a:<ul><li>todas las entidades cuyo derecho de acceso a dichos datos est\u00e9 reconocido en virtud de disposiciones reglamentarias;<\/li><li>colaboradores, proveedores del Responsable del tratamiento, en el \u00e1mbito de sus funciones y\/u obligaciones contractuales relativas a la ejecuci\u00f3n de la relaci\u00f3n contractual con los Interesados. Entre las entidades proveedoras del Responsable del tratamiento se encuentran, a modo de ejemplo, las instituciones bancarias y de cr\u00e9dito, las compa\u00f1\u00edas de seguros, los asesores jur\u00eddicos; los agentes de transporte; los proveedores de software y la asistencia relacionada; en particular, nuestra estructura de software para la actividad del Sitio y las respectivas relaciones con los clientes est\u00e1 gestionada tambi\u00e9n a trav\u00e9s de Interlaced Srl, Active 121 srl y 2Aerp Srl, que act\u00faan como nuestros Encargados del tratamiento. En cualquier caso, se podr\u00e1 solicitar una lista completa y actualizada de las entidades Encargadas del tratamiento de datos poni\u00e9ndose en contacto con uno de los contactos indicados a continuaci\u00f3n. Los datos no son objeto de difusi\u00f3n.<\/li><\/ul><\/li><\/ol>\n\n<ol class=\"wp-block-list\" start=\"7\"><li><strong><mark class=\"has-inline-color has-vivid-red-color\" style=\"background-color: rgba(0, 0, 0, 0);\">LUGAR DE TRATAMIENTO DE LOS DATOS<\/mark><\/strong> Los Datos personales se tratar\u00e1n dentro de la Uni\u00f3n Europea y no existe intenci\u00f3n de transferirlos fuera de este territorio.<\/li><\/ol>\n\n<ol class=\"wp-block-list\" start=\"8\"><li><strong><mark class=\"has-inline-color has-vivid-red-color\" style=\"background-color: rgba(0, 0, 0, 0);\">DERECHOS DEL INTERESADO<\/mark><\/strong> El RGPD otorga al Interesado el ejercicio de los siguientes <strong>derechos<\/strong> en relaci\u00f3n con los datos personales que le conciernen (la descripci\u00f3n resumida es indicativa, para la enunciaci\u00f3n completa de los derechos, incluidas sus limitaciones, se remite al Reglamento y, en especial, a los art\u00edculos del 15 al 22):<ul><li><strong>acceso<\/strong> a los datos personales (el Interesado tiene derecho a obtener gratuitamente informaci\u00f3n sobre los datos personales que le conciernen y que obran en poder del Responsable del tratamiento correspondiente, as\u00ed como a obtener una copia de dichos datos en un formato accesible);<\/li><li><strong>rectificaci\u00f3n<\/strong> de los datos personales (previa indicaci\u00f3n del Interesado, correcci\u00f3n o integraci\u00f3n de los datos personales \u2013 no la expresi\u00f3n de elementos valorativos \u2013 que sean incorrectos o inexactos, aunque hayan pasado a serlo por no estar actualizados);<\/li><li><strong>supresi\u00f3n<\/strong> de datos personales (derecho al olvido) (por ejemplo, los datos ya no son necesarios en relaci\u00f3n con las finalidades para los que fueron recogidos o tratados; han sido tratados ilegalmente; deben ser suprimidos para cumplir una obligaci\u00f3n legal; el Interesado ha retirado su consentimiento y no existe otro fundamento jur\u00eddico para el tratamiento; el Interesado se opone al tratamiento, a\u00fan si se cumplen las condiciones);<\/li><li><strong>limitaci\u00f3n del tratamiento<\/strong> (en determinados casos \u2013 impugnaci\u00f3n de la exactitud de los datos, durante el tiempo necesario para su comprobaci\u00f3n; impugnaci\u00f3n de la licitud del tratamiento con oposici\u00f3n a la supresi\u00f3n; necesidad de utilizaci\u00f3n para los derechos de defensa del Interesado, mientras no sean \u00fatiles para el tratamiento; en caso de oposici\u00f3n al tratamiento, mientras se realizan las comprobaciones necesarias \u2013 los datos se conservar\u00e1n de forma que puedan restablecerse en caso necesario, pero, mientras tanto, no podr\u00e1n ser consultados por el Responsable del tratamiento, salvo en el marco de la comprobaci\u00f3n de la validez de la solicitud de limitaci\u00f3n presentada por el Interesado, o con el consentimiento de \u00e9ste, o para la inspecci\u00f3n, el ejercicio o la defensa en juicio de un derecho en \u00e1mbito judicial o para proteger los derechos de otra persona f\u00edsica o jur\u00eddica, o por razones de inter\u00e9s p\u00fablico relevante de la Uni\u00f3n o de un Estado miembro);<\/li><li><strong>oposici\u00f3n <\/strong>total o parcial, por motivos relacionados con la situaci\u00f3n particular del Interesado, al tratamiento efectuado sobre la base del inter\u00e9s leg\u00edtimo; para oponerse al tratamiento con finalidad de marketing o de elaboraci\u00f3n de perfiles, sin tener ni siquiera que motivar la decisi\u00f3n;<\/li><li><strong>portabilidad de los datos<\/strong> (en caso de que el tratamiento se base en el consentimiento o en un contrato y se lleve a cabo con medios automatizados, ante su solicitud, el Interesado recibir\u00e1 los datos personales que le conciernen en un formato estructurado, de uso com\u00fan y legible por un dispositivo autom\u00e1tico, y podr\u00e1 transmitirlos a otro Responsable del tratamiento, sin impedimentos por parte del Responsable del tratamiento al que los haya facilitado y, si es t\u00e9cnicamente posible, podr\u00e1 hacer que esta transmisi\u00f3n sea realizada directamente por este \u00faltimo).<\/li><\/ul><\/li><\/ol>\n\n<p>Adem\u00e1s, si el tratamiento se realiza sobre la base del consentimiento (v\u00e9ase el punto 4 anterior), se podr\u00e1 <strong>revocar el consentimiento<\/strong> en cualquier momento, sin que ello afecte a la legalidad del tratamiento realizado antes de la revocaci\u00f3n (como se indica en el punto 4 anterior, en referencia al tratamiento de datos con finalidad de marketing, se podr\u00e1 revocar el consentimiento al tratamiento incluso para una sola de las modalidades de comunicaci\u00f3n, tradicional o autom\u00e1tica). La forma m\u00e1s f\u00e1cil de expresar la revocaci\u00f3n del consentimiento ser\u00e1 el enlace que aparece en la parte inferior de nuestras comunicaciones o en el panel personal del \u00e1rea privada del Sitio.<\/p>\n\n<p>El Interesado tambi\u00e9n tiene derecho a <strong>presentar una reclamaci\u00f3n ante el Garante de la Protecci\u00f3n de datos personales<\/strong> si considera que el tratamiento que le concierne infringe las disposiciones de la ley sobre la protecci\u00f3n de datos personales; puede ponerse en contacto con el Garante de la protecci\u00f3n de datos personales a trav\u00e9s de los datos de contacto indicados en el sitio de la Autoridad www.garanteprivacy.it. En cualquier caso, nos gustar\u00eda tener la oportunidad de atender de antemano cualquier duda de los Interesados, que podr\u00e1n dirigirse a la direcci\u00f3n de correo electr\u00f3nico <a href=\"mailto:privacy@maddalena.it\">privacy@maddalena.it<\/a> o a los dem\u00e1s datos de contacto del Responsable del tratamiento indicados anteriormente para cualquier aclaraci\u00f3n relativa al tratamiento de sus datos personales y para el ejercicio de sus derechos, incluso la revocaci\u00f3n de su consentimiento.<\/p>\n\n<p><\/p>\n","protected":false},"excerpt":{"rendered":"<p>De conformidad con los art\u00edculos 12 y siguientes del Reglamento (UE) 2016\/679 del Parlamento Europeo y del Consejo, de 27 de abril de 2016 (Reglamento General de Protecci\u00f3n de Datos \/ General Data Protection Regulation, \u00abReglamento\u00bb o \u00abRGPD\u00bb) y, en general, en cumplimiento del principio de transparencia establecido en el propio Reglamento, se proporciona la [&hellip;]<\/p>\n","protected":false},"author":1,"featured_media":0,"parent":0,"menu_order":92,"comment_status":"closed","ping_status":"closed","template":"","meta":{"_acf_changed":false,"_lmt_disableupdate":"","_lmt_disable":"","footnotes":""},"class_list":["post-13528","page","type-page","status-publish","hentry"],"acf":[],"yoast_head":"<!-- This site is optimized with the Yoast SEO plugin v27.5 - https:\/\/yoast.com\/product\/yoast-seo-wordpress\/ -->\n<title>Pol\u00edtica de privacidad - Maddalena S.p.A.<\/title>\n<meta name=\"robots\" content=\"index, follow, max-snippet:-1, max-image-preview:large, max-video-preview:-1\" \/>\n<link rel=\"canonical\" href=\"https:\/\/www.maddalena.it\/es\/politica-de-privacidad\/\" \/>\n<meta property=\"og:locale\" content=\"es_ES\" \/>\n<meta property=\"og:type\" content=\"article\" \/>\n<meta property=\"og:title\" content=\"Pol\u00edtica de privacidad - Maddalena S.p.A.\" \/>\n<meta property=\"og:description\" content=\"De conformidad con los art\u00edculos 12 y siguientes del Reglamento (UE) 2016\/679 del Parlamento Europeo y del Consejo, de 27 de abril de 2016 (Reglamento General de Protecci\u00f3n de Datos \/ General Data Protection Regulation, \u00abReglamento\u00bb o \u00abRGPD\u00bb) y, en general, en cumplimiento del principio de transparencia establecido en el propio Reglamento, se proporciona la [&hellip;]\" \/>\n<meta property=\"og:url\" content=\"https:\/\/www.maddalena.it\/es\/politica-de-privacidad\/\" \/>\n<meta property=\"og:site_name\" content=\"Maddalena S.p.A.\" \/>\n<meta property=\"article:modified_time\" content=\"2022-09-30T14:42:51+00:00\" \/>\n<meta name=\"twitter:card\" content=\"summary_large_image\" \/>\n<meta name=\"twitter:label1\" content=\"Tiempo de lectura\" \/>\n\t<meta name=\"twitter:data1\" content=\"13 minutos\" \/>\n<script type=\"application\/ld+json\" class=\"yoast-schema-graph\">{\"@context\":\"https:\\\/\\\/schema.org\",\"@graph\":[{\"@type\":\"WebPage\",\"@id\":\"https:\\\/\\\/www.maddalena.it\\\/es\\\/politica-de-privacidad\\\/\",\"url\":\"https:\\\/\\\/www.maddalena.it\\\/es\\\/politica-de-privacidad\\\/\",\"name\":\"Pol\u00edtica de privacidad - Maddalena S.p.A.\",\"isPartOf\":{\"@id\":\"https:\\\/\\\/www.maddalena.it\\\/es\\\/#website\"},\"datePublished\":\"2022-04-06T05:30:17+00:00\",\"dateModified\":\"2022-09-30T14:42:51+00:00\",\"breadcrumb\":{\"@id\":\"https:\\\/\\\/www.maddalena.it\\\/es\\\/politica-de-privacidad\\\/#breadcrumb\"},\"inLanguage\":\"es\",\"potentialAction\":[{\"@type\":\"ReadAction\",\"target\":[\"https:\\\/\\\/www.maddalena.it\\\/es\\\/politica-de-privacidad\\\/\"]}]},{\"@type\":\"BreadcrumbList\",\"@id\":\"https:\\\/\\\/www.maddalena.it\\\/es\\\/politica-de-privacidad\\\/#breadcrumb\",\"itemListElement\":[{\"@type\":\"ListItem\",\"position\":1,\"name\":\"Home\",\"item\":\"https:\\\/\\\/www.maddalena.it\\\/es\\\/\"},{\"@type\":\"ListItem\",\"position\":2,\"name\":\"Pol\u00edtica de privacidad\"}]},{\"@type\":\"WebSite\",\"@id\":\"https:\\\/\\\/www.maddalena.it\\\/es\\\/#website\",\"url\":\"https:\\\/\\\/www.maddalena.it\\\/es\\\/\",\"name\":\"Maddalena S.p.A.\",\"description\":\"Metering Expertise\",\"publisher\":{\"@id\":\"https:\\\/\\\/www.maddalena.it\\\/es\\\/#organization\"},\"potentialAction\":[{\"@type\":\"SearchAction\",\"target\":{\"@type\":\"EntryPoint\",\"urlTemplate\":\"https:\\\/\\\/www.maddalena.it\\\/es\\\/?s={search_term_string}\"},\"query-input\":{\"@type\":\"PropertyValueSpecification\",\"valueRequired\":true,\"valueName\":\"search_term_string\"}}],\"inLanguage\":\"es\"},{\"@type\":\"Organization\",\"@id\":\"https:\\\/\\\/www.maddalena.it\\\/es\\\/#organization\",\"name\":\"Maddalena S.p.A.\",\"url\":\"https:\\\/\\\/www.maddalena.it\\\/es\\\/\",\"logo\":{\"@type\":\"ImageObject\",\"inLanguage\":\"es\",\"@id\":\"https:\\\/\\\/www.maddalena.it\\\/es\\\/#\\\/schema\\\/logo\\\/image\\\/\",\"url\":\"https:\\\/\\\/www.maddalena.it\\\/wp-content\\\/uploads\\\/2022\\\/04\\\/logo.svg\",\"contentUrl\":\"https:\\\/\\\/www.maddalena.it\\\/wp-content\\\/uploads\\\/2022\\\/04\\\/logo.svg\",\"caption\":\"Maddalena S.p.A.\"},\"image\":{\"@id\":\"https:\\\/\\\/www.maddalena.it\\\/es\\\/#\\\/schema\\\/logo\\\/image\\\/\"}}]}<\/script>\n<!-- \/ Yoast SEO plugin. -->","yoast_head_json":{"title":"Pol\u00edtica de privacidad - Maddalena S.p.A.","robots":{"index":"index","follow":"follow","max-snippet":"max-snippet:-1","max-image-preview":"max-image-preview:large","max-video-preview":"max-video-preview:-1"},"canonical":"https:\/\/www.maddalena.it\/es\/politica-de-privacidad\/","og_locale":"es_ES","og_type":"article","og_title":"Pol\u00edtica de privacidad - Maddalena S.p.A.","og_description":"De conformidad con los art\u00edculos 12 y siguientes del Reglamento (UE) 2016\/679 del Parlamento Europeo y del Consejo, de 27 de abril de 2016 (Reglamento General de Protecci\u00f3n de Datos \/ General Data Protection Regulation, \u00abReglamento\u00bb o \u00abRGPD\u00bb) y, en general, en cumplimiento del principio de transparencia establecido en el propio Reglamento, se proporciona la [&hellip;]","og_url":"https:\/\/www.maddalena.it\/es\/politica-de-privacidad\/","og_site_name":"Maddalena S.p.A.","article_modified_time":"2022-09-30T14:42:51+00:00","twitter_card":"summary_large_image","twitter_misc":{"Tiempo de lectura":"13 minutos"},"schema":{"@context":"https:\/\/schema.org","@graph":[{"@type":"WebPage","@id":"https:\/\/www.maddalena.it\/es\/politica-de-privacidad\/","url":"https:\/\/www.maddalena.it\/es\/politica-de-privacidad\/","name":"Pol\u00edtica de privacidad - Maddalena S.p.A.","isPartOf":{"@id":"https:\/\/www.maddalena.it\/es\/#website"},"datePublished":"2022-04-06T05:30:17+00:00","dateModified":"2022-09-30T14:42:51+00:00","breadcrumb":{"@id":"https:\/\/www.maddalena.it\/es\/politica-de-privacidad\/#breadcrumb"},"inLanguage":"es","potentialAction":[{"@type":"ReadAction","target":["https:\/\/www.maddalena.it\/es\/politica-de-privacidad\/"]}]},{"@type":"BreadcrumbList","@id":"https:\/\/www.maddalena.it\/es\/politica-de-privacidad\/#breadcrumb","itemListElement":[{"@type":"ListItem","position":1,"name":"Home","item":"https:\/\/www.maddalena.it\/es\/"},{"@type":"ListItem","position":2,"name":"Pol\u00edtica de privacidad"}]},{"@type":"WebSite","@id":"https:\/\/www.maddalena.it\/es\/#website","url":"https:\/\/www.maddalena.it\/es\/","name":"Maddalena S.p.A.","description":"Metering Expertise","publisher":{"@id":"https:\/\/www.maddalena.it\/es\/#organization"},"potentialAction":[{"@type":"SearchAction","target":{"@type":"EntryPoint","urlTemplate":"https:\/\/www.maddalena.it\/es\/?s={search_term_string}"},"query-input":{"@type":"PropertyValueSpecification","valueRequired":true,"valueName":"search_term_string"}}],"inLanguage":"es"},{"@type":"Organization","@id":"https:\/\/www.maddalena.it\/es\/#organization","name":"Maddalena S.p.A.","url":"https:\/\/www.maddalena.it\/es\/","logo":{"@type":"ImageObject","inLanguage":"es","@id":"https:\/\/www.maddalena.it\/es\/#\/schema\/logo\/image\/","url":"https:\/\/www.maddalena.it\/wp-content\/uploads\/2022\/04\/logo.svg","contentUrl":"https:\/\/www.maddalena.it\/wp-content\/uploads\/2022\/04\/logo.svg","caption":"Maddalena S.p.A."},"image":{"@id":"https:\/\/www.maddalena.it\/es\/#\/schema\/logo\/image\/"}}]}},"_links":{"self":[{"href":"https:\/\/www.maddalena.it\/es\/wp-json\/wp\/v2\/pages\/13528","targetHints":{"allow":["GET"]}}],"collection":[{"href":"https:\/\/www.maddalena.it\/es\/wp-json\/wp\/v2\/pages"}],"about":[{"href":"https:\/\/www.maddalena.it\/es\/wp-json\/wp\/v2\/types\/page"}],"author":[{"embeddable":true,"href":"https:\/\/www.maddalena.it\/es\/wp-json\/wp\/v2\/users\/1"}],"replies":[{"embeddable":true,"href":"https:\/\/www.maddalena.it\/es\/wp-json\/wp\/v2\/comments?post=13528"}],"version-history":[{"count":5,"href":"https:\/\/www.maddalena.it\/es\/wp-json\/wp\/v2\/pages\/13528\/revisions"}],"predecessor-version":[{"id":21863,"href":"https:\/\/www.maddalena.it\/es\/wp-json\/wp\/v2\/pages\/13528\/revisions\/21863"}],"wp:attachment":[{"href":"https:\/\/www.maddalena.it\/es\/wp-json\/wp\/v2\/media?parent=13528"}],"curies":[{"name":"wp","href":"https:\/\/api.w.org\/{rel}","templated":true}]}}